{"id":3868,"date":"2026-02-24T11:03:08","date_gmt":"2026-02-24T11:03:08","guid":{"rendered":"https:\/\/www.weissenhof.at\/?post_type=opportunities&#038;p=3868"},"modified":"2026-03-20T08:16:17","modified_gmt":"2026-03-20T08:16:17","slug":"umgebung","status":"publish","type":"opportunities","link":"https:\/\/www.weissenhof.at\/de\/angebote\/umgebung\/","title":{"rendered":"Umgebung"},"content":{"rendered":"<section  class=\"cb-hero-subpages cb-fullbleed--both lazyload\"style='--focus-x: 50%; --focus-y: 50%; background-image:inherit; ' data-bg-image=\"url(https:\/\/www.weissenhof.at\/wp-content\/uploads\/2026\/02\/Sommer-Ortsansicht-Tourismusverband-Radstadt-Markus-Rohrbacher-3_1-scaled.jpg)\">\r\n\t<div class=\"inner\">\r\n\t\t\n\n\n<span class=\"cb-heading align--center\" style=\"width:100%;\">\r\n\tRadstadt und Umgebung<\/span>\r\n\n\t<\/div>\r\n<\/section>\n\n<section  class=\"cb-breadcrumbs\"style='--spacing-top: 0px; --spacing-bottom: 40px; '>\r\n\t<p id=\"breadcrumbs\"><span><span><a href=\"https:\/\/www.weissenhof.at\/de\/\">Home<\/a><\/span><\/span><\/p><\/section>\n\n<section  class=\"cb-intro cb-fullbleed--right\"style='--spacing-top: 0px; --spacing-bottom: 100px; --text-width: 70%; '>\r\n\t<div class=\"inner\">\r\n\t\t\n\n\n<h1 class=\"cb-heading align--left\" style=\"width:70%;\">\r\n\tRund um den Gut Weissenhof<\/h1>\r\n\n\n<div class=\"cb-body\">\r\n\t\n\n<p>Vom Gut Weissenhof aus erreichen Sie Radstadt und Altenmarkt in wenigen Minuten. Zwei Orte, die von gewachsener Geschichte, gelebtem Brauchtum und einem starken Miteinander erz\u00e4hlen. Die historische Stadtmauer in Radstadt, die lebendigen Pl\u00e4tze und Gesch\u00e4fte in beiden Orten, hier wird Tradition bewahrt und weitergelebt. \u00dcber das Jahr hinweg begleiten Feste, M\u00e4rkte und Veranstaltungen das Leben in der Region.<br><br><\/p>\n\n<\/div>\n\n\n\t<\/div>\r\n<\/section>\n\n<section  class=\"cb-content-simple\"style='--spacing-top: 100px; --spacing-bottom: 50px; --text-width: 100%; '>\r\n\t\n<picture  class=\"cb-image\"style='--focus-x: 50%; --focus-y: 50%; '>\r\n\t<img decoding=\"async\" width=\"869\" height=\"1200\" data-src=\"https:\/\/www.weissenhof.at\/wp-content\/uploads\/2026\/02\/Radstadt-Geschichte.jpg\" class=\"attachment-full size-full lazyload\" alt=\"Historische Ansicht von Radstadt mit Kirche, Bauernh\u00e4usern und umliegenden Wiesen im Salzburger Land\" data-srcset=\"https:\/\/www.weissenhof.at\/wp-content\/uploads\/2026\/02\/Radstadt-Geschichte.jpg 869w, https:\/\/www.weissenhof.at\/wp-content\/uploads\/2026\/02\/Radstadt-Geschichte-217x300.jpg 217w, https:\/\/www.weissenhof.at\/wp-content\/uploads\/2026\/02\/Radstadt-Geschichte-742x1024.jpg 742w, https:\/\/www.weissenhof.at\/wp-content\/uploads\/2026\/02\/Radstadt-Geschichte-768x1061.jpg 768w\" data-sizes=\"(max-width: 869px) 100vw, 869px\" src=\"data:image\/svg+xml;base64,PHN2ZyB3aWR0aD0iMSIgaGVpZ2h0PSIxIiB4bWxucz0iaHR0cDovL3d3dy53My5vcmcvMjAwMC9zdmciPjwvc3ZnPg==\" style=\"--smush-placeholder-width: 869px; --smush-placeholder-aspect-ratio: 869\/1200;\" \/><\/picture>\n\n<div class=\"cb-container \">\r\n\t\n<h2 class=\"cb-heading align--left\" style=\"width:auto;\">\r\n\tGeschichte von Radstadt<\/h2>\r\n\n\n<div class=\"cb-body\">\r\n\t\n\n<p class=\"has-text-align-left\">Radstadt z\u00e4hlt zu den \u00e4ltesten St\u00e4dten im Pongau. Bereits im 13. Jahrhundert erhielt der Ort das Stadtrecht und wurde als einzige Stadt des Erzbistums Salzburg im Gebirge befestigt. Teile der mittelalterlichen Stadtmauer mit Hexen, Teich und Kapuzinerturm sind bis heute erhalten und pr\u00e4gen das Stadtbild.<\/p>\n\n\n\n<p class=\"has-text-align-left\">Mehrere Stadtbr\u00e4nde ver\u00e4nderten Radstadt im Laufe der Jahrhunderte. Deshalb zeigt sich die Altstadt heute in einem stimmigen Mix aus Barock und Klassizismus. Rund um die Stadtpfarrkirche, den Schusterturm oder Schloss Lerchen l\u00e4sst sich Geschichte Schritt f\u00fcr Schritt entdecken.<\/p>\n\n<\/div>\n<\/div>\n<\/section>\n\n<section  class=\"cb-text-img variant--background cb-fullbleed--both\"style='--spacing-top: 100px; --spacing-bottom: 100px; '>\r\n\t<div class=\"inner\">\r\n\t\t\n<div class=\"cb-container cb-text-img__col--text\">\r\n\t\n\n\n<h2 class=\"cb-heading align--center\" style=\"width:auto;\">\r\n\tFeste &#038; gelebte Tradition<\/h2>\r\n\n\n<div class=\"cb-body\">\r\n\t\n\n<p>Bei uns werden die Feste und Traditionen so gefeiert, wie sie fallen. \u00dcber das Jahr hinweg pr\u00e4gen Musik, Brauchtum, kulturelle und sportliche Veranstaltungen das Ortsgeschehen. Wenn die Stadtkapelle am Vorabend von Fronleichnam durch Radstadt zieht und auch dem Gut Weissenhof einen Besuch abstattet, im Herbst beim Almabtrieb die K\u00fche wieder heimkommen oder zur Adventzeit die Turmbl\u00e4ser \u00fcber den D\u00e4chern erklingen, wird sp\u00fcrbar, wie lebendig Radstadt ist. Veranstaltungen wie das Gardefest, das Kn\u00f6delfest, der Kunsthandwerksmarkt, der Radst\u00e4dter Nachtw\u00e4chter und die Paul Hofhaimer Tage bringen Menschen zusammen und schaffen Begegnungen, die bleiben.<\/p>\n\n<\/div>\n\n\t<a href=\"http:\/\/radstadt.com\/radstadt\/veranstaltungskalender\/veranstaltungen\" target=\"_blank\"  class=\"cb-button mobile-button link\" >\r\n\t\t<span class=\"cb-button__title\">Hier gehts zum Radst\u00e4dter Veranstaltungskalender <\/span>\r\n\t<\/a>\r\n\t\n<\/div>\n\n<picture  class=\"cb-image\"style='--focus-x: 50%; --focus-y: 50%; '>\r\n\t<img decoding=\"async\" width=\"800\" height=\"914\" data-src=\"https:\/\/www.weissenhof.at\/wp-content\/uploads\/2026\/02\/Alm-Abtrieb-web-e1772013655339.jpg\" class=\"attachment-full size-full lazyload\" alt=\"Almabtrieb im Salzburger Land mit traditionell geschm\u00fccktem Wagen und b\u00e4uerlichen Utensilien\" data-srcset=\"https:\/\/www.weissenhof.at\/wp-content\/uploads\/2026\/02\/Alm-Abtrieb-web-e1772013655339.jpg 800w, https:\/\/www.weissenhof.at\/wp-content\/uploads\/2026\/02\/Alm-Abtrieb-web-e1772013655339-263x300.jpg 263w, https:\/\/www.weissenhof.at\/wp-content\/uploads\/2026\/02\/Alm-Abtrieb-web-e1772013655339-768x877.jpg 768w\" data-sizes=\"(max-width: 800px) 100vw, 800px\" src=\"data:image\/svg+xml;base64,PHN2ZyB3aWR0aD0iMSIgaGVpZ2h0PSIxIiB4bWxucz0iaHR0cDovL3d3dy53My5vcmcvMjAwMC9zdmciPjwvc3ZnPg==\" style=\"--smush-placeholder-width: 800px; --smush-placeholder-aspect-ratio: 800\/914;\" \/><\/picture>\n\t<\/div>\r\n<\/section>\n\n<section  class=\"cb-text-img variant--bigImg cb-fullbleed--right\"style='--spacing-top: 100px; --spacing-bottom: 0px; '>\r\n\t<div class=\"inner\">\r\n\t\t\n<div class=\"cb-container cb-text-img__col--text\">\r\n\t\n\n\n<h2 class=\"cb-heading align--left\" style=\"width:auto;\">\r\n\tLebendiges Ortsleben<\/h2>\r\n\n\n<div class=\"cb-body\">\r\n\t\n\n<p>Auch im Urlaub ist man in Radstadt bestens versorgt. Neben Caf\u00e9s und kleinen Pl\u00e4tzen findet sich ein breites Angebot an Einkaufsm\u00f6glichkeiten. Superm\u00e4rkte, Apotheke und Drogerie sind ebenso schnell erreichbar wie Sportgesch\u00e4fte f\u00fcr aktive Tage in den Bergen. Kleine Boutiquen wie Gl\u00fccksgriff oder Marienkind laden zum St\u00f6bern ein, beim Tauernpass findet sich traditionelle Trachtenmode mit regionalem Charakter. Auch Spielwaren und Fachgesch\u00e4fte f\u00fcr Technik, vieles l\u00e4sst sich bequem im Ort erledigen.<\/p>\n\n<\/div>\n\n\n<\/div>\n\n<div class=\"cb-container cb-text-img__col--img\">\r\n\t\n\n\n<picture  class=\"cb-image\"style='--focus-x: 50%; --focus-y: 50%; '>\r\n\t<img decoding=\"async\" width=\"2560\" height=\"1707\" data-src=\"https:\/\/www.weissenhof.at\/wp-content\/uploads\/2026\/02\/Wochenmarkt-Tourismusverband-Radstadt-Markus-Rohrbacher-3_1-scaled.jpg\" class=\"attachment-full size-full lazyload\" alt=\"Wochenmarkt in Radstadt im Salzburger Land mit regionalen Produkten und pers\u00f6nlichem Austausch\" data-srcset=\"https:\/\/www.weissenhof.at\/wp-content\/uploads\/2026\/02\/Wochenmarkt-Tourismusverband-Radstadt-Markus-Rohrbacher-3_1-scaled.jpg 2560w, https:\/\/www.weissenhof.at\/wp-content\/uploads\/2026\/02\/Wochenmarkt-Tourismusverband-Radstadt-Markus-Rohrbacher-3_1-300x200.jpg 300w, https:\/\/www.weissenhof.at\/wp-content\/uploads\/2026\/02\/Wochenmarkt-Tourismusverband-Radstadt-Markus-Rohrbacher-3_1-1024x683.jpg 1024w, https:\/\/www.weissenhof.at\/wp-content\/uploads\/2026\/02\/Wochenmarkt-Tourismusverband-Radstadt-Markus-Rohrbacher-3_1-768x512.jpg 768w, https:\/\/www.weissenhof.at\/wp-content\/uploads\/2026\/02\/Wochenmarkt-Tourismusverband-Radstadt-Markus-Rohrbacher-3_1-1536x1024.jpg 1536w, https:\/\/www.weissenhof.at\/wp-content\/uploads\/2026\/02\/Wochenmarkt-Tourismusverband-Radstadt-Markus-Rohrbacher-3_1-2048x1365.jpg 2048w\" data-sizes=\"(max-width: 2560px) 100vw, 2560px\" src=\"data:image\/svg+xml;base64,PHN2ZyB3aWR0aD0iMSIgaGVpZ2h0PSIxIiB4bWxucz0iaHR0cDovL3d3dy53My5vcmcvMjAwMC9zdmciPjwvc3ZnPg==\" style=\"--smush-placeholder-width: 2560px; --smush-placeholder-aspect-ratio: 2560\/1707;\" \/><\/picture>\n<\/div>\n\t<\/div>\r\n<\/section>\n\n<section  class=\"cb-content-background cb-fullbleed--both\"style='--spacing-top: 0px; --spacing-bottom: 0px; '>\r\n\t<div class=\"inner-wrapper\">\r\n\t\t\n<div class=\"cb-container cb-content-bg--text\">\r\n\t\n<h2 class=\"cb-heading align--left\" style=\"width:60%;\">\r\n\t<br>Rund um Radstadt <\/h2>\r\n\n\n<div class=\"cb-body\">\r\n\t\n\n<p>Neben Radstadt liegen auch Altenmarkt und Schladming nur wenige Minuten entfernt. Zwei Orte, die mit lebendigem Ortskern, vielf\u00e4ltigen Einkaufsm\u00f6glichkeiten und sportlichen Angeboten das Urlaubserlebnis erweitern.<br><br><br><\/p>\n\n<\/div>\n<\/div>\n\n\n\t<\/div>\r\n<\/section>\r\n\r\n\n\n<section id=\"festspiele\" class=\"cb-content-simple\"style='--spacing-top: 0px; --spacing-bottom: 100px; --text-width: 100%; '>\r\n\t\n<picture  class=\"cb-image\"style='--focus-x: 50%; --focus-y: 50%; '>\r\n\t<img decoding=\"async\" width=\"720\" height=\"1080\" data-src=\"https:\/\/www.weissenhof.at\/wp-content\/uploads\/2026\/02\/2021-sommer-christian-schartner-47.jpg\" class=\"attachment-full size-full lazyload\" alt=\"Ortszentrum von Altenmarkt im Salzburger Land mit Kirche, H\u00e4usern und Blick auf die Berge\" data-srcset=\"https:\/\/www.weissenhof.at\/wp-content\/uploads\/2026\/02\/2021-sommer-christian-schartner-47.jpg 720w, https:\/\/www.weissenhof.at\/wp-content\/uploads\/2026\/02\/2021-sommer-christian-schartner-47-200x300.jpg 200w, https:\/\/www.weissenhof.at\/wp-content\/uploads\/2026\/02\/2021-sommer-christian-schartner-47-683x1024.jpg 683w\" data-sizes=\"(max-width: 720px) 100vw, 720px\" src=\"data:image\/svg+xml;base64,PHN2ZyB3aWR0aD0iMSIgaGVpZ2h0PSIxIiB4bWxucz0iaHR0cDovL3d3dy53My5vcmcvMjAwMC9zdmciPjwvc3ZnPg==\" style=\"--smush-placeholder-width: 720px; --smush-placeholder-aspect-ratio: 720\/1080;\" \/><\/picture>\n\n<div class=\"cb-container \">\r\n\t\n<h3 class=\"cb-heading align--left\" style=\"width:80%;\">\r\n\tAltenmarkt<\/h3>\r\n\n\n<div class=\"cb-body\">\r\n\t\n\n<p>Altenmarkt liegt nur wenige Minuten vom <a href=\"https:\/\/www.weissenhof.at\/de\/hotel-gut-weissenhof\/\">Gut Weissenhof<\/a> entfernt und l\u00e4dt zum gem\u00fctlichen Bummeln ein. Wer m\u00f6chte, erreicht den Ort bei einem rund f\u00fcnf Kilometer Spaziergang der Enns entlang oder mit dem Auto. Im lebendigen Ortskern finden sich zahlreiche Gesch\u00e4fte, Caf\u00e9s und Restaurants. Ein besonderes Highlight ist die Therme Amad\u00e9 mit ihren spektakul\u00e4ren Rutschen und Erlebnisbereichen.<\/p>\n\n<\/div>\n<\/div>\n<\/section>\n\n<section id=\"festspiele\" class=\"cb-content-simple\"style='--spacing-top: 100px; --spacing-bottom: 250px; --text-width: 100%; '>\r\n\t\n<picture  class=\"cb-image\"style='--focus-x: 50%; --focus-y: 50%; '>\r\n\t<img decoding=\"async\" width=\"1920\" height=\"1078\" data-src=\"https:\/\/www.weissenhof.at\/wp-content\/uploads\/2026\/02\/DJI_0087-a.jpg\" class=\"attachment-full size-full lazyload\" alt=\"Golfclub Schladming Dachstein Tauern mit Seen, gepflegten Fairways und Bergpanorama im Salzburger Land\" data-srcset=\"https:\/\/www.weissenhof.at\/wp-content\/uploads\/2026\/02\/DJI_0087-a.jpg 1920w, https:\/\/www.weissenhof.at\/wp-content\/uploads\/2026\/02\/DJI_0087-a-300x168.jpg 300w, https:\/\/www.weissenhof.at\/wp-content\/uploads\/2026\/02\/DJI_0087-a-1024x575.jpg 1024w, https:\/\/www.weissenhof.at\/wp-content\/uploads\/2026\/02\/DJI_0087-a-768x431.jpg 768w, https:\/\/www.weissenhof.at\/wp-content\/uploads\/2026\/02\/DJI_0087-a-1536x862.jpg 1536w\" data-sizes=\"(max-width: 1920px) 100vw, 1920px\" src=\"data:image\/svg+xml;base64,PHN2ZyB3aWR0aD0iMSIgaGVpZ2h0PSIxIiB4bWxucz0iaHR0cDovL3d3dy53My5vcmcvMjAwMC9zdmciPjwvc3ZnPg==\" style=\"--smush-placeholder-width: 1920px; --smush-placeholder-aspect-ratio: 1920\/1078;\" \/><\/picture>\n\n<div class=\"cb-container \">\r\n\t\n<h3 class=\"cb-heading align--left\" style=\"width:80%;\">\r\n\tSchladming<\/h3>\r\n\n\n<div class=\"cb-body\">\r\n\t\n\n<p>Schladming liegt nur rund 20 Autominuten vom Gut Weissenhof entfernt. Die charmante Fu\u00dfg\u00e4ngerzone l\u00e4dt zum Einkaufen und Flanieren ein, zahlreiche Gesch\u00e4fte, Sportshops und Caf\u00e9s sorgen f\u00fcr lebendiges Treiben. Im Winter z\u00e4hlt Schladming mit der Planai zu den bekanntesten Skigebieten der Region, im Sommer f\u00fchren Wanderwege und Bike Strecken direkt hinein in die Dachstein Tauern Bergwelt.\u00a0Auch Golfer:innen finden mit dem <a href=\"https:\/\/www.weissenhof.at\/de\/angebote\/golfclub-schladming-dachstein\/\">Golfclub Schladming Dachstein Tauern<\/a> eine weitere abwechslungsreiche Golfanlage in unmittelbarer N\u00e4he.\u00a0<\/p>\n\n<\/div>\n<\/div>\n<\/section>","protected":false},"excerpt":{"rendered":"","protected":false},"featured_media":0,"template":"","opportunity-categories":[],"class_list":["post-3868","opportunities","type-opportunities","status-publish","hentry"],"yoast_head":"<!-- This site is optimized with the Yoast SEO plugin v27.2 - https:\/\/yoast.com\/product\/yoast-seo-wordpress\/ -->\n<title>Umgebung - Hotel Gut Weissenhof<\/title>\n<meta name=\"robots\" content=\"index, follow, max-snippet:-1, max-image-preview:large, max-video-preview:-1\" \/>\n<link rel=\"canonical\" href=\"https:\/\/www.weissenhof.at\/de\/angebote\/umgebung\/\" \/>\n<meta property=\"og:locale\" content=\"de_DE\" \/>\n<meta property=\"og:type\" content=\"article\" \/>\n<meta property=\"og:title\" content=\"Umgebung - Hotel Gut Weissenhof\" \/>\n<meta property=\"og:url\" content=\"https:\/\/www.weissenhof.at\/de\/angebote\/umgebung\/\" \/>\n<meta property=\"og:site_name\" content=\"Hotel Gut Weissenhof\" \/>\n<meta property=\"article:modified_time\" content=\"2026-03-20T08:16:17+00:00\" \/>\n<meta name=\"twitter:card\" content=\"summary_large_image\" \/>\n<meta name=\"twitter:label1\" content=\"Gesch\u00e4tzte Lesezeit\" \/>\n\t<meta name=\"twitter:data1\" content=\"3\u00a0Minuten\" \/>\n<script type=\"application\/ld+json\" class=\"yoast-schema-graph\">{\"@context\":\"https:\/\/schema.org\",\"@graph\":[{\"@type\":\"WebPage\",\"@id\":\"https:\/\/www.weissenhof.at\/de\/angebote\/umgebung\/\",\"url\":\"https:\/\/www.weissenhof.at\/de\/angebote\/umgebung\/\",\"name\":\"Umgebung - Hotel Gut Weissenhof\",\"isPartOf\":{\"@id\":\"https:\/\/www.weissenhof.at\/de\/#website\"},\"datePublished\":\"2026-02-24T11:03:08+00:00\",\"dateModified\":\"2026-03-20T08:16:17+00:00\",\"breadcrumb\":{\"@id\":\"https:\/\/www.weissenhof.at\/de\/angebote\/umgebung\/#breadcrumb\"},\"inLanguage\":\"de\",\"potentialAction\":[{\"@type\":\"ReadAction\",\"target\":[\"https:\/\/www.weissenhof.at\/de\/angebote\/umgebung\/\"]}]},{\"@type\":\"BreadcrumbList\",\"@id\":\"https:\/\/www.weissenhof.at\/de\/angebote\/umgebung\/#breadcrumb\",\"itemListElement\":[{\"@type\":\"ListItem\",\"position\":1,\"name\":\"Home\",\"item\":\"https:\/\/www.weissenhof.at\/de\/\"},{\"@type\":\"ListItem\",\"position\":2,\"name\":\"Angebote\",\"item\":\"https:\/\/www.weissenhof.at\/de\/angebote\/\"},{\"@type\":\"ListItem\",\"position\":3,\"name\":\"Umgebung\"}]},{\"@type\":\"WebSite\",\"@id\":\"https:\/\/www.weissenhof.at\/de\/#website\",\"url\":\"https:\/\/www.weissenhof.at\/de\/\",\"name\":\"Weissenhof\",\"description\":\"Ankommen &amp; Wohlf\u00fchlen\",\"potentialAction\":[{\"@type\":\"SearchAction\",\"target\":{\"@type\":\"EntryPoint\",\"urlTemplate\":\"https:\/\/www.weissenhof.at\/de\/?s={search_term_string}\"},\"query-input\":{\"@type\":\"PropertyValueSpecification\",\"valueRequired\":true,\"valueName\":\"search_term_string\"}}],\"inLanguage\":\"de\"}]}<\/script>\n<!-- \/ Yoast SEO plugin. -->","yoast_head_json":{"title":"Umgebung - Hotel Gut Weissenhof","robots":{"index":"index","follow":"follow","max-snippet":"max-snippet:-1","max-image-preview":"max-image-preview:large","max-video-preview":"max-video-preview:-1"},"canonical":"https:\/\/www.weissenhof.at\/de\/angebote\/umgebung\/","og_locale":"de_DE","og_type":"article","og_title":"Umgebung - Hotel Gut Weissenhof","og_url":"https:\/\/www.weissenhof.at\/de\/angebote\/umgebung\/","og_site_name":"Hotel Gut Weissenhof","article_modified_time":"2026-03-20T08:16:17+00:00","twitter_card":"summary_large_image","twitter_misc":{"Gesch\u00e4tzte Lesezeit":"3\u00a0Minuten"},"schema":{"@context":"https:\/\/schema.org","@graph":[{"@type":"WebPage","@id":"https:\/\/www.weissenhof.at\/de\/angebote\/umgebung\/","url":"https:\/\/www.weissenhof.at\/de\/angebote\/umgebung\/","name":"Umgebung - Hotel Gut Weissenhof","isPartOf":{"@id":"https:\/\/www.weissenhof.at\/de\/#website"},"datePublished":"2026-02-24T11:03:08+00:00","dateModified":"2026-03-20T08:16:17+00:00","breadcrumb":{"@id":"https:\/\/www.weissenhof.at\/de\/angebote\/umgebung\/#breadcrumb"},"inLanguage":"de","potentialAction":[{"@type":"ReadAction","target":["https:\/\/www.weissenhof.at\/de\/angebote\/umgebung\/"]}]},{"@type":"BreadcrumbList","@id":"https:\/\/www.weissenhof.at\/de\/angebote\/umgebung\/#breadcrumb","itemListElement":[{"@type":"ListItem","position":1,"name":"Home","item":"https:\/\/www.weissenhof.at\/de\/"},{"@type":"ListItem","position":2,"name":"Angebote","item":"https:\/\/www.weissenhof.at\/de\/angebote\/"},{"@type":"ListItem","position":3,"name":"Umgebung"}]},{"@type":"WebSite","@id":"https:\/\/www.weissenhof.at\/de\/#website","url":"https:\/\/www.weissenhof.at\/de\/","name":"Weissenhof","description":"Ankommen &amp; Wohlf\u00fchlen","potentialAction":[{"@type":"SearchAction","target":{"@type":"EntryPoint","urlTemplate":"https:\/\/www.weissenhof.at\/de\/?s={search_term_string}"},"query-input":{"@type":"PropertyValueSpecification","valueRequired":true,"valueName":"search_term_string"}}],"inLanguage":"de"}]}},"_links":{"self":[{"href":"https:\/\/www.weissenhof.at\/de\/wp-json\/wp\/v2\/opportunities\/3868","targetHints":{"allow":["GET"]}}],"collection":[{"href":"https:\/\/www.weissenhof.at\/de\/wp-json\/wp\/v2\/opportunities"}],"about":[{"href":"https:\/\/www.weissenhof.at\/de\/wp-json\/wp\/v2\/types\/opportunities"}],"wp:attachment":[{"href":"https:\/\/www.weissenhof.at\/de\/wp-json\/wp\/v2\/media?parent=3868"}],"wp:term":[{"taxonomy":"opportunity-categories","embeddable":true,"href":"https:\/\/www.weissenhof.at\/de\/wp-json\/wp\/v2\/opportunity-categories?post=3868"}],"curies":[{"name":"wp","href":"https:\/\/api.w.org\/{rel}","templated":true}]}}